{"id":593,"date":"2021-10-20T06:54:16","date_gmt":"2021-10-20T04:54:16","guid":{"rendered":"http:\/\/neu.ostseegrenzturm.net\/da\/?page_id=593"},"modified":"2023-10-28T22:21:42","modified_gmt":"2023-10-28T20:21:42","slug":"flugter","status":"publish","type":"page","link":"http:\/\/ostsee-grenzturm.com\/da\/flugter\/","title":{"rendered":"Flugter"},"content":{"rendered":"<div id=\"metaslider-id-684\" style=\"width: 100%;\" class=\"ml-slider-3-60-1 metaslider metaslider-flex metaslider-684 ml-slider ml-slider-lightbox-1-12-0 lightbox-disabled ms-theme-default\" role=\"region\" aria-roledescription=\"Slideshow\" aria-label=\"Fluchten\">\n    <div id=\"metaslider_container_684\">\n        <div id=\"metaslider_684\">\n            <ul aria-live=\"polite\" class=\"slides\">\n                <li style=\"display: block; width: 100%;\" class=\"slide-686 ms-image\" aria-roledescription=\"slide\" aria-label=\"slide-686\"><img src=\"http:\/\/ostsee-grenzturm.com\/da\/wp-content\/uploads\/sites\/4\/2021\/10\/steidlerfahrrad-983x428.jpg\" height=\"435\" width=\"1000\" alt=\"\" class=\"slider-684 slide-686\" title=\"steidlerfahrrad\" \/><div class=\"caption-wrap\"><div class=\"caption\">Wolfgang Steidler og Udo Drake fra K\u00fchlungsborn flygted 1961 i en kajak. De havde navigationsproblemer og et polsk fragtskib udleverede dem til DDR-myndighederne -1,3 og 1,6 \u00e5r f\u00e6ngsel.<\/div><\/div><\/li>\n                <li style=\"display: none; width: 100%;\" class=\"slide-685 ms-image\" aria-roledescription=\"slide\" aria-label=\"slide-685\"><img src=\"http:\/\/ostsee-grenzturm.com\/da\/wp-content\/uploads\/sites\/4\/2021\/10\/02_drafehn-boot-979x426.jpg\" height=\"435\" width=\"1000\" alt=\"\" class=\"slider-684 slide-685\" title=\"02_drafehn-boot\" \/><div class=\"caption-wrap\"><div class=\"caption\">Klaus Drafehn og Juergen Dreyer fra K\u00fchlungsborn ville den 4.9.1962 s\u00e6tter over til Gedser med en kajak. St\u00e6rk bl\u00e6st forhindrede at de kunne holde kurs. De havnede ved \u00f8en Poel og herefter p\u00e5 \u00f8en Langenwerder. De blev sat 6 m\u00e5neder i f\u00e6ngsel.<\/div><\/div><\/li>\n                <li style=\"display: none; width: 100%;\" class=\"slide-687 ms-image\" aria-roledescription=\"slide\" aria-label=\"slide-687\"><img src=\"http:\/\/ostsee-grenzturm.com\/da\/wp-content\/uploads\/sites\/4\/2021\/10\/boettger-1-986x429.jpg\" height=\"435\" width=\"1000\" alt=\"\" class=\"slider-684 slide-687\" title=\"boettger\" \/><div class=\"caption-wrap\"><div class=\"caption\">Den tidligere ingeni\u00f8rstuderende, Bernd Boettger, byggede sin egen aqua scooter, som trak ham over vandet. Han startede sin flugt den 8.9.1968 og efter 5 \u00bd times k\u00f8rsel blev taget op af en b\u00e5d<\/div><\/div><\/li>\n                <li style=\"display: none; width: 100%;\" class=\"slide-688 ms-image\" aria-roledescription=\"slide\" aria-label=\"slide-688\"><img src=\"http:\/\/ostsee-grenzturm.com\/da\/wp-content\/uploads\/sites\/4\/2021\/10\/doebler1-983x428.jpg\" height=\"435\" width=\"1000\" alt=\"\" class=\"slider-684 slide-688\" title=\"doebler1\" \/><div class=\"caption-wrap\"><div class=\"caption\">L\u00e6gen, Peter Doebler, tr\u00e6nerede i to \u00e5r for at kunne gennemf\u00f8re sin flugt i 1972.<\/div><\/div><\/li>\n                <li style=\"display: none; width: 100%;\" class=\"slide-689 ms-image\" aria-roledescription=\"slide\" aria-label=\"slide-689\"><img src=\"http:\/\/ostsee-grenzturm.com\/da\/wp-content\/uploads\/sites\/4\/2021\/10\/doebler2-983x428.jpg\" height=\"435\" width=\"1000\" alt=\"\" class=\"slider-684 slide-689\" title=\"doebler2\" \/><div class=\"caption-wrap\"><div class=\"caption\">Han sv\u00f8mmede den 48 km lange str\u00e6kning til Fehmern i 25 timer. Kun udrustet med sv\u00f8mmedragt og finner.<\/div><\/div><\/li>\n                <li style=\"display: none; width: 100%;\" class=\"slide-690 ms-image\" aria-roledescription=\"slide\" aria-label=\"slide-690\"><img src=\"http:\/\/ostsee-grenzturm.com\/da\/wp-content\/uploads\/sites\/4\/2021\/10\/Matthias-Koch-1-979x426.jpg\" height=\"435\" width=\"1000\" alt=\"\" class=\"slider-684 slide-690\" title=\"Matthias-Koch\" \/><div class=\"caption-wrap\"><div class=\"caption\">De to atten\u00e5rige unge m\u00e6nd, Koch og Trobisch ville i 1972 til deres veninder i Hamborg. Deres gummib\u00e5d blev allerede opdaget i teltlejren ved stranden. De fik en f\u00e6ngselsdom p\u00e5 2,5 \u00e5r.<\/div><\/div><\/li>\n                <li style=\"display: none; width: 100%;\" class=\"slide-691 ms-image\" aria-roledescription=\"slide\" aria-label=\"slide-691\"><img src=\"http:\/\/ostsee-grenzturm.com\/da\/wp-content\/uploads\/sites\/4\/2021\/10\/lehmanzeitung-983x428.jpg\" height=\"435\" width=\"1000\" alt=\"\" class=\"slider-684 slide-691\" title=\"lehmanzeitung\" \/><div class=\"caption-wrap\"><div class=\"caption\">Familie Lehmann med deres 5 \u00e5rige datter flygtede den 5.1.1977 i en lille gummib\u00e5d. Efter 17 timer p\u00e5 det iskolde hav blev de reddet af et vesttysk skib.<\/div><\/div><\/li>\n                <li style=\"display: none; width: 100%;\" class=\"slide-692 ms-image\" aria-roledescription=\"slide\" aria-label=\"slide-692\"><img src=\"http:\/\/ostsee-grenzturm.com\/da\/wp-content\/uploads\/sites\/4\/2021\/10\/07_sander-979x426.jpg\" height=\"435\" width=\"1000\" alt=\"\" class=\"slider-684 slide-692\" title=\"07_sander\" \/><div class=\"caption-wrap\"><div class=\"caption\">Tragisk afslutning af familie Sanders flugt: \u201e den 9.3.1977 fors\u00f8gte 5 personer (fam. S. fra Schwerin) at overvinde gr\u00e6nseafsnit GB-3 (omr\u00e5de K\u00fchlungsborn). For to personer lykkedes flugten, 3 personer druknede.<\/div><\/div><\/li>\n                <li style=\"display: none; width: 100%;\" class=\"slide-693 ms-image\" aria-roledescription=\"slide\" aria-label=\"slide-693\"><img src=\"http:\/\/ostsee-grenzturm.com\/da\/wp-content\/uploads\/sites\/4\/2021\/10\/liers-1-983x428.jpg\" height=\"435\" width=\"1000\" alt=\"\" class=\"slider-684 slide-693\" title=\"liers\" \/><div class=\"caption-wrap\"><div class=\"caption\">Werner Liers (27) og Werner Mueller (19) flygtede den 30.3. 1978. De havde problemer med orienteringen og gummib\u00e5den slap luft. Mens en vesttysk fiskerb\u00e5d g\u00f8r klar til reddning, n\u00e6rmer der sig en gr\u00e6nseb\u00e5d fra den anden side. Kapl\u00f8bet endte med \u201dHappy End\u201d.<\/div><\/div><\/li>\n                <li style=\"display: none; width: 100%;\" class=\"slide-694 ms-image\" aria-roledescription=\"slide\" aria-label=\"slide-694\"><img src=\"http:\/\/ostsee-grenzturm.com\/da\/wp-content\/uploads\/sites\/4\/2021\/10\/gerberuboot-983x428.jpg\" height=\"435\" width=\"1000\" alt=\"\" class=\"slider-684 slide-694\" title=\"gerberuboot\" \/><div class=\"caption-wrap\"><div class=\"caption\">Skibselektriker ,Walter Gerber, bygger en u-b\u00e5d af gips og polyester i sin garage.<\/div><\/div><\/li>\n                <li style=\"display: none; width: 100%;\" class=\"slide-695 ms-image\" aria-roledescription=\"slide\" aria-label=\"slide-695\"><img src=\"http:\/\/ostsee-grenzturm.com\/da\/wp-content\/uploads\/sites\/4\/2021\/10\/uboot1-983x428.jpg\" height=\"435\" width=\"1000\" alt=\"\" class=\"slider-684 slide-695\" title=\"uboot1\" \/><div class=\"caption-wrap\"><div class=\"caption\">udstyret med periskop, dykkermaske og dykkertanks. Han graver et hul under sin garage i Rostock som hemmeligt fors\u00f8gsbasin.<\/div><\/div><\/li>\n                <li style=\"display: none; width: 100%;\" class=\"slide-696 ms-image\" aria-roledescription=\"slide\" aria-label=\"slide-696\"><img src=\"http:\/\/ostsee-grenzturm.com\/da\/wp-content\/uploads\/sites\/4\/2021\/10\/09_uboot2-979x426.jpg\" height=\"435\" width=\"1000\" alt=\"\" class=\"slider-684 slide-696\" title=\"09_uboot2\" \/><div class=\"caption-wrap\"><div class=\"caption\">Ved flugtfors\u00f8get den 12.8. 1980 sejler u-b\u00e5den i ring. Han efterlader b\u00e5den ved stranden og bliver senere arresteret.<\/div><\/div><\/li>\n                <li style=\"display: none; width: 100%;\" class=\"slide-697 ms-image\" aria-roledescription=\"slide\" aria-label=\"slide-697\"><img src=\"http:\/\/ostsee-grenzturm.com\/da\/wp-content\/uploads\/sites\/4\/2021\/10\/joernwiek-983x428.jpg\" height=\"435\" width=\"1000\" alt=\"\" class=\"slider-684 slide-697\" title=\"joernwiek\" \/><div class=\"caption-wrap\"><div class=\"caption\">J\u00f6rn Wiek fra K\u00fchlungsborn og Heiko Jahnke brugte i 1987 to dage til deres anstrengende og heldig lykkede flugt. De startede fra halv\u00f8en Wustrow.<\/div><\/div><\/li>\n                <li style=\"display: none; width: 100%;\" class=\"slide-698 ms-image\" aria-roledescription=\"slide\" aria-label=\"slide-698\"><img src=\"http:\/\/ostsee-grenzturm.com\/da\/wp-content\/uploads\/sites\/4\/2021\/10\/kleistneruboot-983x428.jpg\" height=\"435\" width=\"1000\" alt=\"\" class=\"slider-684 slide-698\" title=\"kleistneruboot\" \/><div class=\"caption-wrap\"><div class=\"caption\">Br\u00f8drene Manfred og Wolfgang Kleister bygger i 18 m\u00e5nder deres torpedoagtige b\u00e5d. Ved deres flugt 1987 bliver de opdaget og d\u00f8mt til en f\u00e6ngselsstraf af 2 \u00e5r og 6 m\u00e5neder.<\/div><\/div><\/li>\n                <li style=\"display: none; width: 100%;\" class=\"slide-699 ms-image\" aria-roledescription=\"slide\" aria-label=\"slide-699\"><img src=\"http:\/\/ostsee-grenzturm.com\/da\/wp-content\/uploads\/sites\/4\/2021\/10\/kostbade1-983x428.jpg\" height=\"435\" width=\"1000\" alt=\"\" class=\"slider-684 slide-699\" title=\"kostbade1\" \/><div class=\"caption-wrap\"><div class=\"caption\">Med fire voksne personer, Alfred (41), Renate (40), Marco (19) og Doreen (17) vover familie Kostbade i 1988 flugten fra K\u00fchlungsborn.<\/div><\/div><\/li>\n                <li style=\"display: none; width: 100%;\" class=\"slide-700 ms-image\" aria-roledescription=\"slide\" aria-label=\"slide-700\"><img src=\"http:\/\/ostsee-grenzturm.com\/da\/wp-content\/uploads\/sites\/4\/2021\/10\/kostbade2-983x428.jpg\" height=\"435\" width=\"1000\" alt=\"\" class=\"slider-684 slide-700\" title=\"kostbade2\" \/><div class=\"caption-wrap\"><div class=\"caption\">De k\u00e6mper mod meterh\u00f8je b\u00f8lger 10 timer lang i deres lille gummib\u00e5d. Efter 40 s\u00f8mil bliver de reddet af et vesttysk skib.<\/div><\/div><\/li>\n                <li style=\"display: none; width: 100%;\" class=\"slide-701 ms-image\" aria-roledescription=\"slide\" aria-label=\"slide-701\"><img src=\"http:\/\/ostsee-grenzturm.com\/da\/wp-content\/uploads\/sites\/4\/2021\/10\/13_Packeis-3-MB-979x426.jpg\" height=\"435\" width=\"1000\" alt=\"\" class=\"slider-684 slide-701\" title=\"13_Packeis-3-MB\" \/><\/li>\n            <\/ul>\n        <\/div>\n        \n    <\/div>\n<\/div>\n\n\n\n<h1>Flugter<\/h1>\n\n\n\n<p>Set fra nutidens synspunkt er det sv\u00e6rt at forst\u00e5, at en uigennemtr\u00e6ngelig gr\u00e6nse l\u00f8b ud for K\u00fchlungsborns kyst. DDR sparede ikke p\u00e5 kr\u00e6fterne, pengene og personalet for at forhindre flugt til Vesten. Men gang p\u00e5 gang lykkedes det nogle f\u00e5 modige mennesker at snyde gr\u00e6nsebrigaden ved at sv\u00f8mme over \u00d8sters\u00f8en i kano, p\u00e5 surfbr\u00e6t eller med ub\u00e5d. &nbsp;<\/p>\n\n\n\n<div class=\"is-layout-flex wp-container-3 wp-block-columns\">\n<div class=\"is-layout-flow wp-block-column\">\n<figure class=\"wp-block-image size-full\"><img decoding=\"async\" loading=\"lazy\" width=\"1000\" height=\"750\" src=\"http:\/\/ostsee-grenzturm.com\/da\/wp-content\/uploads\/sites\/4\/2021\/10\/teaser_fluchten.jpg\" alt=\"\" class=\"wp-image-461\" srcset=\"http:\/\/ostsee-grenzturm.com\/da\/wp-content\/uploads\/sites\/4\/2021\/10\/teaser_fluchten.jpg 1000w, http:\/\/ostsee-grenzturm.com\/da\/wp-content\/uploads\/sites\/4\/2021\/10\/teaser_fluchten-300x225.jpg 300w, http:\/\/ostsee-grenzturm.com\/da\/wp-content\/uploads\/sites\/4\/2021\/10\/teaser_fluchten-768x576.jpg 768w\" sizes=\"(max-width: 1000px) 100vw, 1000px\" \/><\/figure>\n<\/div>\n\n\n\n<div class=\"is-layout-flow wp-block-column\">\n<h2>Flugter og flygtninge<\/h2>\n\n\n\n<p>If\u00f8lge myndighederne er der siden 1961 registreret 5609 flugtfors\u00f8g. Kun 913 n\u00e5ede til Vesten, til Danmark eller blev samlet op af et skib. Ofte endte flugten med at blive arresteret, f\u00f8r den var begyndt, p\u00e5 stranden eller inde i landet. Mod og opfindsomhed kendetegnede flygtningene. De tog den st\u00f8rste risiko for deres \u00f8nske om frihed og forberedte ofte deres flugt i \u00e5revis, idet de arbejdede p\u00e5 specielle b\u00e5de eller dykkerudstyr. Det lykkedes nogle f\u00e5 at undslippe uden forberedelse og med en masse held.<\/p>\n<\/div>\n<\/div>\n\n\n\n<div class=\"is-layout-flex wp-container-6 wp-block-columns\">\n<div class=\"is-layout-flow wp-block-column\">\n<h2><strong>Flugtveje<\/strong><\/h2>\n\n\n\n<p>M\u00e5let for flugten var den slesvig-holstenske kyst, \u00f8en Fehmarn og Danmark. H\u00e5bet om at blive samlet op af et skib, n\u00e5r de n\u00e5ede de internationale skibsruter, blev kun opfyldt for nogle f\u00e5 af dem. Nogle blev endda udleveret tilbage til DDR-myndighederne. \u00d8sters\u00f8en var stormfuld, kold og uforudsigelig, is\u00e6r om efter\u00e5ret og vinteren. Der var s\u00e5ledes ogs\u00e5 mange d\u00f8dsfald, hvoraf nogle blev fundet k\u00f8rt i Danmark eller i Forbundsrepublikken Tyskland og ikke kunne identificeres.<\/p>\n<\/div>\n\n\n\n<div class=\"is-layout-flow wp-block-column\">\n<figure class=\"wp-block-image size-full\"><img decoding=\"async\" loading=\"lazy\" width=\"1000\" height=\"750\" src=\"http:\/\/ostsee-grenzturm.com\/wp-content\/uploads\/2021\/10\/meckbucht1flyer.jpg\" alt=\"\" class=\"wp-image-135\" srcset=\"http:\/\/ostsee-grenzturm.com\/da\/wp-content\/uploads\/sites\/4\/2021\/10\/meckbucht1flyer.jpg 1000w, http:\/\/ostsee-grenzturm.com\/da\/wp-content\/uploads\/sites\/4\/2021\/10\/meckbucht1flyer-300x225.jpg 300w, http:\/\/ostsee-grenzturm.com\/da\/wp-content\/uploads\/sites\/4\/2021\/10\/meckbucht1flyer-768x576.jpg 768w\" sizes=\"(max-width: 1000px) 100vw, 1000px\" \/><\/figure>\n<\/div>\n<\/div>\n\n\n\n<div class=\"is-layout-flex wp-container-11 wp-block-columns\">\n<div class=\"is-layout-flow wp-block-column\">\n<figure class=\"is-layout-flex wp-block-gallery-7 wp-block-gallery has-nested-images columns-1 marginleft50\">\n<figure class=\"wp-block-image size-large\"><a href=\"http:\/\/ostsee-grenzturm.com\/da\/wp-content\/uploads\/sites\/4\/2022\/02\/Flygningene-kom-ind-i-bageriet-scaled.jpeg\" data-lbwps-gid=\"2\"><img decoding=\"async\" loading=\"lazy\" width=\"1024\" height=\"677\" src=\"http:\/\/ostsee-grenzturm.com\/da\/wp-content\/uploads\/sites\/4\/2022\/02\/Flygningene-kom-ind-i-bageriet-1024x677.jpeg\" alt=\"\" class=\"wp-image-1031\" srcset=\"http:\/\/ostsee-grenzturm.com\/da\/wp-content\/uploads\/sites\/4\/2022\/02\/Flygningene-kom-ind-i-bageriet-1024x677.jpeg 1024w, http:\/\/ostsee-grenzturm.com\/da\/wp-content\/uploads\/sites\/4\/2022\/02\/Flygningene-kom-ind-i-bageriet-300x198.jpeg 300w, http:\/\/ostsee-grenzturm.com\/da\/wp-content\/uploads\/sites\/4\/2022\/02\/Flygningene-kom-ind-i-bageriet-768x507.jpeg 768w, http:\/\/ostsee-grenzturm.com\/da\/wp-content\/uploads\/sites\/4\/2022\/02\/Flygningene-kom-ind-i-bageriet-1536x1015.jpeg 1536w, http:\/\/ostsee-grenzturm.com\/da\/wp-content\/uploads\/sites\/4\/2022\/02\/Flygningene-kom-ind-i-bageriet-2048x1353.jpeg 2048w\" sizes=\"(max-width: 1024px) 100vw, 1024px\" \/><\/a><\/figure>\n\n\n\n<figure class=\"wp-block-image size-medium\"><a href=\"http:\/\/neu.ostseegrenzturm.net\/wp-content\/uploads\/2021\/10\/03_Styroporboot-1.jpg\" data-lbwps-gid=\"2\"><img decoding=\"async\" loading=\"lazy\" width=\"195\" height=\"300\" src=\"http:\/\/ostsee-grenzturm.com\/wp-content\/uploads\/2021\/10\/03_Styroporboot-1-195x300.jpg\" alt=\"\" class=\"wp-image-191\" srcset=\"http:\/\/ostsee-grenzturm.com\/da\/wp-content\/uploads\/sites\/4\/2021\/10\/03_Styroporboot-1-195x300.jpg 195w, http:\/\/ostsee-grenzturm.com\/da\/wp-content\/uploads\/sites\/4\/2021\/10\/03_Styroporboot-1.jpg 650w\" sizes=\"(max-width: 195px) 100vw, 195px\" \/><\/a><\/figure>\n\n\n\n<figure class=\"wp-block-image size-medium\"><a href=\"http:\/\/ostsee-grenzturm.com\/wp-content\/uploads\/2021\/10\/04_Rollengeraet-1.jpg\" data-lbwps-gid=\"2\"><img decoding=\"async\" loading=\"lazy\" width=\"195\" height=\"300\" src=\"http:\/\/ostsee-grenzturm.com\/wp-content\/uploads\/2021\/10\/04_Rollengeraet-1-195x300.jpg\" alt=\"\" class=\"wp-image-192\" srcset=\"http:\/\/ostsee-grenzturm.com\/da\/wp-content\/uploads\/sites\/4\/2021\/10\/04_Rollengeraet-1-195x300.jpg 195w, http:\/\/ostsee-grenzturm.com\/da\/wp-content\/uploads\/sites\/4\/2021\/10\/04_Rollengeraet-1.jpg 650w\" sizes=\"(max-width: 195px) 100vw, 195px\" \/><\/a><\/figure>\n\n\n\n<figure class=\"wp-block-image size-medium\"><a href=\"http:\/\/ostsee-grenzturm.com\/wp-content\/uploads\/2021\/10\/05_Taucherausruestung-mit-Untwerwasserscooter-1.jpg\" data-lbwps-gid=\"2\"><img decoding=\"async\" loading=\"lazy\" width=\"195\" height=\"300\" src=\"http:\/\/ostsee-grenzturm.com\/wp-content\/uploads\/2021\/10\/05_Taucherausruestung-mit-Untwerwasserscooter-1-195x300.jpg\" alt=\"\" class=\"wp-image-193\" srcset=\"http:\/\/ostsee-grenzturm.com\/da\/wp-content\/uploads\/sites\/4\/2021\/10\/05_Taucherausruestung-mit-Untwerwasserscooter-1-195x300.jpg 195w, http:\/\/ostsee-grenzturm.com\/da\/wp-content\/uploads\/sites\/4\/2021\/10\/05_Taucherausruestung-mit-Untwerwasserscooter-1.jpg 650w\" sizes=\"(max-width: 195px) 100vw, 195px\" \/><\/a><\/figure>\n\n\n\n<figure class=\"wp-block-image size-medium\"><a href=\"http:\/\/ostsee-grenzturm.com\/wp-content\/uploads\/2021\/10\/06_Zwei-Maenner-1.jpg\" data-lbwps-gid=\"2\"><img decoding=\"async\" loading=\"lazy\" width=\"195\" height=\"300\" src=\"http:\/\/ostsee-grenzturm.com\/wp-content\/uploads\/2021\/10\/06_Zwei-Maenner-1-195x300.jpg\" alt=\"\" class=\"wp-image-194\" srcset=\"http:\/\/ostsee-grenzturm.com\/da\/wp-content\/uploads\/sites\/4\/2021\/10\/06_Zwei-Maenner-1-195x300.jpg 195w, http:\/\/ostsee-grenzturm.com\/da\/wp-content\/uploads\/sites\/4\/2021\/10\/06_Zwei-Maenner-1.jpg 650w\" sizes=\"(max-width: 195px) 100vw, 195px\" \/><\/a><\/figure>\n\n\n\n<figure class=\"wp-block-image size-medium\"><a href=\"http:\/\/ostsee-grenzturm.com\/wp-content\/uploads\/2021\/10\/07_Trabi-1.jpg\" data-lbwps-gid=\"2\"><img decoding=\"async\" loading=\"lazy\" width=\"195\" height=\"300\" src=\"http:\/\/ostsee-grenzturm.com\/wp-content\/uploads\/2021\/10\/07_Trabi-1-195x300.jpg\" alt=\"\" class=\"wp-image-195\" srcset=\"http:\/\/ostsee-grenzturm.com\/da\/wp-content\/uploads\/sites\/4\/2021\/10\/07_Trabi-1-195x300.jpg 195w, http:\/\/ostsee-grenzturm.com\/da\/wp-content\/uploads\/sites\/4\/2021\/10\/07_Trabi-1.jpg 650w\" sizes=\"(max-width: 195px) 100vw, 195px\" \/><\/a><\/figure>\n\n\n\n<figure class=\"wp-block-image size-medium\"><a href=\"http:\/\/ostsee-grenzturm.com\/wp-content\/uploads\/2021\/10\/08_Luftmatratze-1.jpg\" data-lbwps-gid=\"2\"><img decoding=\"async\" loading=\"lazy\" width=\"195\" height=\"300\" src=\"http:\/\/ostsee-grenzturm.com\/wp-content\/uploads\/2021\/10\/08_Luftmatratze-1-195x300.jpg\" alt=\"\" class=\"wp-image-196\" srcset=\"http:\/\/ostsee-grenzturm.com\/da\/wp-content\/uploads\/sites\/4\/2021\/10\/08_Luftmatratze-1-195x300.jpg 195w, http:\/\/ostsee-grenzturm.com\/da\/wp-content\/uploads\/sites\/4\/2021\/10\/08_Luftmatratze-1.jpg 650w\" sizes=\"(max-width: 195px) 100vw, 195px\" \/><\/a><\/figure>\n\n\n\n<figure class=\"wp-block-image size-medium\"><a href=\"http:\/\/ostsee-grenzturm.com\/wp-content\/uploads\/2021\/10\/09_Luftmatratze-1.jpg\" data-lbwps-gid=\"2\"><img decoding=\"async\" loading=\"lazy\" width=\"195\" height=\"300\" src=\"http:\/\/ostsee-grenzturm.com\/wp-content\/uploads\/2021\/10\/09_Luftmatratze-1-195x300.jpg\" alt=\"\" class=\"wp-image-197\" srcset=\"http:\/\/ostsee-grenzturm.com\/da\/wp-content\/uploads\/sites\/4\/2021\/10\/09_Luftmatratze-1-195x300.jpg 195w, http:\/\/ostsee-grenzturm.com\/da\/wp-content\/uploads\/sites\/4\/2021\/10\/09_Luftmatratze-1.jpg 650w\" sizes=\"(max-width: 195px) 100vw, 195px\" \/><\/a><\/figure>\n\n\n\n<figure class=\"wp-block-image size-medium\"><a href=\"http:\/\/ostsee-grenzturm.com\/wp-content\/uploads\/2021\/10\/10_Akte-Reifen-1.jpg\" data-lbwps-gid=\"2\"><img decoding=\"async\" loading=\"lazy\" width=\"195\" height=\"300\" src=\"http:\/\/ostsee-grenzturm.com\/wp-content\/uploads\/2021\/10\/10_Akte-Reifen-1-195x300.jpg\" alt=\"\" class=\"wp-image-198\" srcset=\"http:\/\/ostsee-grenzturm.com\/da\/wp-content\/uploads\/sites\/4\/2021\/10\/10_Akte-Reifen-1-195x300.jpg 195w, http:\/\/ostsee-grenzturm.com\/da\/wp-content\/uploads\/sites\/4\/2021\/10\/10_Akte-Reifen-1.jpg 650w\" sizes=\"(max-width: 195px) 100vw, 195px\" \/><\/a><\/figure>\n<\/figure>\n<\/div>\n\n\n\n<div class=\"is-layout-flow wp-block-column\">\n<h2><strong>Flugtlister<\/strong><\/h2>\n\n\n\n<p>Flugterne blev holdt hemmelige, og det er vanskeligt at udarbejde en komplet liste. Flere og flere nye flugtmuligheder er f\u00f8rst nu blevet kendt. Flugtlisten viser derfor kun en del af flugtfors\u00f8gene og de vellykkede flugtfors\u00f8g.<\/p>\n<\/div>\n<\/div>\n\n\n\n<div class=\"is-layout-flex wp-container-16 wp-block-columns\">\n<div class=\"is-layout-flow wp-block-column\">\n<figure class=\"is-layout-flex wp-block-gallery-12 wp-block-gallery has-nested-images columns-1\">\n<figure class=\"wp-block-image size-large\"><a href=\"http:\/\/ostsee-grenzturm.com\/wp-content\/uploads\/2021\/10\/01_Gnadenlose-Jagd.jpg\" data-lbwps-gid=\"3\"><img decoding=\"async\" loading=\"lazy\" width=\"1000\" height=\"750\" src=\"http:\/\/ostsee-grenzturm.com\/wp-content\/uploads\/2021\/10\/01_Gnadenlose-Jagd.jpg\" alt=\"\" class=\"wp-image-179\" srcset=\"http:\/\/ostsee-grenzturm.com\/da\/wp-content\/uploads\/sites\/4\/2021\/10\/01_Gnadenlose-Jagd.jpg 1000w, http:\/\/ostsee-grenzturm.com\/da\/wp-content\/uploads\/sites\/4\/2021\/10\/01_Gnadenlose-Jagd-300x225.jpg 300w, http:\/\/ostsee-grenzturm.com\/da\/wp-content\/uploads\/sites\/4\/2021\/10\/01_Gnadenlose-Jagd-768x576.jpg 768w\" sizes=\"(max-width: 1000px) 100vw, 1000px\" \/><\/a><\/figure>\n\n\n\n<figure class=\"wp-block-image size-large\"><a href=\"http:\/\/ostsee-grenzturm.com\/wp-content\/uploads\/2021\/10\/02_DDR-Schiffe-jagen-Fluechtlinge.jpg\" data-lbwps-gid=\"3\"><img decoding=\"async\" loading=\"lazy\" width=\"1000\" height=\"750\" src=\"http:\/\/ostsee-grenzturm.com\/wp-content\/uploads\/2021\/10\/02_DDR-Schiffe-jagen-Fluechtlinge.jpg\" alt=\"\" class=\"wp-image-180\" srcset=\"http:\/\/ostsee-grenzturm.com\/da\/wp-content\/uploads\/sites\/4\/2021\/10\/02_DDR-Schiffe-jagen-Fluechtlinge.jpg 1000w, http:\/\/ostsee-grenzturm.com\/da\/wp-content\/uploads\/sites\/4\/2021\/10\/02_DDR-Schiffe-jagen-Fluechtlinge-300x225.jpg 300w, http:\/\/ostsee-grenzturm.com\/da\/wp-content\/uploads\/sites\/4\/2021\/10\/02_DDR-Schiffe-jagen-Fluechtlinge-768x576.jpg 768w\" sizes=\"(max-width: 1000px) 100vw, 1000px\" \/><\/a><\/figure>\n\n\n\n<figure class=\"wp-block-image size-large\"><a href=\"http:\/\/ostsee-grenzturm.com\/wp-content\/uploads\/2021\/10\/03_Wir-wollten-wissen.jpg\" data-lbwps-gid=\"3\"><img decoding=\"async\" loading=\"lazy\" width=\"1000\" height=\"750\" src=\"http:\/\/ostsee-grenzturm.com\/wp-content\/uploads\/2021\/10\/03_Wir-wollten-wissen.jpg\" alt=\"\" class=\"wp-image-181\" srcset=\"http:\/\/ostsee-grenzturm.com\/da\/wp-content\/uploads\/sites\/4\/2021\/10\/03_Wir-wollten-wissen.jpg 1000w, http:\/\/ostsee-grenzturm.com\/da\/wp-content\/uploads\/sites\/4\/2021\/10\/03_Wir-wollten-wissen-300x225.jpg 300w, http:\/\/ostsee-grenzturm.com\/da\/wp-content\/uploads\/sites\/4\/2021\/10\/03_Wir-wollten-wissen-768x576.jpg 768w\" sizes=\"(max-width: 1000px) 100vw, 1000px\" \/><\/a><figcaption class=\"wp-element-caption\">Wir wollten wissen wof\u00fcr wir arbeiten<\/figcaption><\/figure>\n\n\n\n<figure class=\"wp-block-image size-large\"><a href=\"http:\/\/ostsee-grenzturm.com\/wp-content\/uploads\/2021\/10\/04_Faltboot-in-die-Freiheit.jpg\" data-lbwps-gid=\"3\"><img decoding=\"async\" loading=\"lazy\" width=\"1000\" height=\"750\" src=\"http:\/\/ostsee-grenzturm.com\/wp-content\/uploads\/2021\/10\/04_Faltboot-in-die-Freiheit.jpg\" alt=\"\" class=\"wp-image-182\" srcset=\"http:\/\/ostsee-grenzturm.com\/da\/wp-content\/uploads\/sites\/4\/2021\/10\/04_Faltboot-in-die-Freiheit.jpg 1000w, http:\/\/ostsee-grenzturm.com\/da\/wp-content\/uploads\/sites\/4\/2021\/10\/04_Faltboot-in-die-Freiheit-300x225.jpg 300w, http:\/\/ostsee-grenzturm.com\/da\/wp-content\/uploads\/sites\/4\/2021\/10\/04_Faltboot-in-die-Freiheit-768x576.jpg 768w\" sizes=\"(max-width: 1000px) 100vw, 1000px\" \/><\/a><\/figure>\n\n\n\n<figure class=\"wp-block-image size-large\"><a href=\"http:\/\/ostsee-grenzturm.com\/wp-content\/uploads\/2021\/10\/05_Faltboot-in-die-Freiheit.jpg\" data-lbwps-gid=\"3\"><img decoding=\"async\" loading=\"lazy\" width=\"1000\" height=\"750\" src=\"http:\/\/ostsee-grenzturm.com\/wp-content\/uploads\/2021\/10\/05_Faltboot-in-die-Freiheit.jpg\" alt=\"\" class=\"wp-image-183\" srcset=\"http:\/\/ostsee-grenzturm.com\/da\/wp-content\/uploads\/sites\/4\/2021\/10\/05_Faltboot-in-die-Freiheit.jpg 1000w, http:\/\/ostsee-grenzturm.com\/da\/wp-content\/uploads\/sites\/4\/2021\/10\/05_Faltboot-in-die-Freiheit-300x225.jpg 300w, http:\/\/ostsee-grenzturm.com\/da\/wp-content\/uploads\/sites\/4\/2021\/10\/05_Faltboot-in-die-Freiheit-768x576.jpg 768w\" sizes=\"(max-width: 1000px) 100vw, 1000px\" \/><\/a><\/figure>\n\n\n\n<figure class=\"wp-block-image size-large\"><a href=\"http:\/\/ostsee-grenzturm.com\/wp-content\/uploads\/2021\/10\/06_kaum-noch-Hoffnung.jpg\" data-lbwps-gid=\"3\"><img decoding=\"async\" loading=\"lazy\" width=\"1000\" height=\"750\" src=\"http:\/\/ostsee-grenzturm.com\/wp-content\/uploads\/2021\/10\/06_kaum-noch-Hoffnung.jpg\" alt=\"\" class=\"wp-image-184\" srcset=\"http:\/\/ostsee-grenzturm.com\/da\/wp-content\/uploads\/sites\/4\/2021\/10\/06_kaum-noch-Hoffnung.jpg 1000w, http:\/\/ostsee-grenzturm.com\/da\/wp-content\/uploads\/sites\/4\/2021\/10\/06_kaum-noch-Hoffnung-300x225.jpg 300w, http:\/\/ostsee-grenzturm.com\/da\/wp-content\/uploads\/sites\/4\/2021\/10\/06_kaum-noch-Hoffnung-768x576.jpg 768w\" sizes=\"(max-width: 1000px) 100vw, 1000px\" \/><\/a><\/figure>\n\n\n\n<figure class=\"wp-block-image size-large\"><a href=\"http:\/\/ostsee-grenzturm.com\/wp-content\/uploads\/2021\/10\/07_kaum-noch-Hoffnung.jpg\" data-lbwps-gid=\"3\"><img decoding=\"async\" loading=\"lazy\" width=\"1000\" height=\"750\" src=\"http:\/\/ostsee-grenzturm.com\/wp-content\/uploads\/2021\/10\/07_kaum-noch-Hoffnung.jpg\" alt=\"\" class=\"wp-image-185\" srcset=\"http:\/\/ostsee-grenzturm.com\/da\/wp-content\/uploads\/sites\/4\/2021\/10\/07_kaum-noch-Hoffnung.jpg 1000w, http:\/\/ostsee-grenzturm.com\/da\/wp-content\/uploads\/sites\/4\/2021\/10\/07_kaum-noch-Hoffnung-300x225.jpg 300w, http:\/\/ostsee-grenzturm.com\/da\/wp-content\/uploads\/sites\/4\/2021\/10\/07_kaum-noch-Hoffnung-768x576.jpg 768w\" sizes=\"(max-width: 1000px) 100vw, 1000px\" \/><\/a><\/figure>\n\n\n\n<figure class=\"wp-block-image size-large\"><a href=\"http:\/\/ostsee-grenzturm.com\/wp-content\/uploads\/2021\/10\/08_Ost-West-Begegnung.jpg\" data-lbwps-gid=\"3\"><img decoding=\"async\" loading=\"lazy\" width=\"1000\" height=\"750\" src=\"http:\/\/ostsee-grenzturm.com\/wp-content\/uploads\/2021\/10\/08_Ost-West-Begegnung.jpg\" alt=\"\" class=\"wp-image-186\" srcset=\"http:\/\/ostsee-grenzturm.com\/da\/wp-content\/uploads\/sites\/4\/2021\/10\/08_Ost-West-Begegnung.jpg 1000w, http:\/\/ostsee-grenzturm.com\/da\/wp-content\/uploads\/sites\/4\/2021\/10\/08_Ost-West-Begegnung-300x225.jpg 300w, http:\/\/ostsee-grenzturm.com\/da\/wp-content\/uploads\/sites\/4\/2021\/10\/08_Ost-West-Begegnung-768x576.jpg 768w\" sizes=\"(max-width: 1000px) 100vw, 1000px\" \/><\/a><\/figure>\n\n\n\n<figure class=\"wp-block-image size-large\"><a href=\"http:\/\/ostsee-grenzturm.com\/wp-content\/uploads\/2021\/10\/09_BGS-war-puenktlich.jpg\" data-lbwps-gid=\"3\"><img decoding=\"async\" loading=\"lazy\" width=\"1000\" height=\"750\" src=\"http:\/\/ostsee-grenzturm.com\/wp-content\/uploads\/2021\/10\/09_BGS-war-puenktlich.jpg\" alt=\"\" class=\"wp-image-187\" srcset=\"http:\/\/ostsee-grenzturm.com\/da\/wp-content\/uploads\/sites\/4\/2021\/10\/09_BGS-war-puenktlich.jpg 1000w, http:\/\/ostsee-grenzturm.com\/da\/wp-content\/uploads\/sites\/4\/2021\/10\/09_BGS-war-puenktlich-300x225.jpg 300w, http:\/\/ostsee-grenzturm.com\/da\/wp-content\/uploads\/sites\/4\/2021\/10\/09_BGS-war-puenktlich-768x576.jpg 768w\" sizes=\"(max-width: 1000px) 100vw, 1000px\" \/><\/a><\/figure>\n\n\n\n<figure class=\"wp-block-image size-large\"><a href=\"http:\/\/ostsee-grenzturm.com\/wp-content\/uploads\/2021\/10\/10_Am-strand-blieb-nur-das-Boot.jpg\" data-lbwps-gid=\"3\"><img decoding=\"async\" loading=\"lazy\" width=\"1000\" height=\"750\" src=\"http:\/\/ostsee-grenzturm.com\/wp-content\/uploads\/2021\/10\/10_Am-strand-blieb-nur-das-Boot.jpg\" alt=\"\" class=\"wp-image-188\" srcset=\"http:\/\/ostsee-grenzturm.com\/da\/wp-content\/uploads\/sites\/4\/2021\/10\/10_Am-strand-blieb-nur-das-Boot.jpg 1000w, http:\/\/ostsee-grenzturm.com\/da\/wp-content\/uploads\/sites\/4\/2021\/10\/10_Am-strand-blieb-nur-das-Boot-300x225.jpg 300w, http:\/\/ostsee-grenzturm.com\/da\/wp-content\/uploads\/sites\/4\/2021\/10\/10_Am-strand-blieb-nur-das-Boot-768x576.jpg 768w\" sizes=\"(max-width: 1000px) 100vw, 1000px\" \/><\/a><\/figure>\n<\/figure>\n<\/div>\n\n\n\n<div class=\"is-layout-flow wp-block-column\">\n<h2><strong>Presseartikler<\/strong><\/h2>\n\n\n\n<p>De fleste flugtfors\u00f8g blev rapporteret i avisartikler i Forbundsrepublikken Tyskland. Jo mere spektakul\u00e6r, jo st\u00f8rre er interessen. DDR&#8217;s borgere h\u00f8rte derimod intet om flugten.<\/p>\n<\/div>\n<\/div>\n","protected":false},"excerpt":{"rendered":"<p>Flugter Set fra nutidens synspunkt er det sv\u00e6rt at forst\u00e5, at en uigennemtr\u00e6ngelig gr\u00e6nse l\u00f8b ud for K\u00fchlungsborns kyst. DDR sparede ikke p\u00e5 kr\u00e6fterne, pengene og personalet for at forhindre flugt til Vesten. Men gang p\u00e5 gang lykkedes det nogle f\u00e5 modige mennesker at snyde gr\u00e6nsebrigaden ved at sv\u00f8mme over \u00d8sters\u00f8en i kano, p\u00e5 surfbr\u00e6t&#8230;  <a class=\"excerpt-read-more\" href=\"http:\/\/ostsee-grenzturm.com\/da\/flugter\/\" title=\"Read Flugter\">L\u00e6s mere &raquo;<\/a><\/p>\n","protected":false},"author":1,"featured_media":0,"parent":0,"menu_order":0,"comment_status":"closed","ping_status":"closed","template":"","meta":[],"_links":{"self":[{"href":"http:\/\/ostsee-grenzturm.com\/da\/wp-json\/wp\/v2\/pages\/593"}],"collection":[{"href":"http:\/\/ostsee-grenzturm.com\/da\/wp-json\/wp\/v2\/pages"}],"about":[{"href":"http:\/\/ostsee-grenzturm.com\/da\/wp-json\/wp\/v2\/types\/page"}],"author":[{"embeddable":true,"href":"http:\/\/ostsee-grenzturm.com\/da\/wp-json\/wp\/v2\/users\/1"}],"replies":[{"embeddable":true,"href":"http:\/\/ostsee-grenzturm.com\/da\/wp-json\/wp\/v2\/comments?post=593"}],"version-history":[{"count":9,"href":"http:\/\/ostsee-grenzturm.com\/da\/wp-json\/wp\/v2\/pages\/593\/revisions"}],"predecessor-version":[{"id":1148,"href":"http:\/\/ostsee-grenzturm.com\/da\/wp-json\/wp\/v2\/pages\/593\/revisions\/1148"}],"wp:attachment":[{"href":"http:\/\/ostsee-grenzturm.com\/da\/wp-json\/wp\/v2\/media?parent=593"}],"curies":[{"name":"wp","href":"https:\/\/api.w.org\/{rel}","templated":true}]}}