{"id":515,"date":"2021-10-09T14:53:25","date_gmt":"2021-10-09T12:53:25","guid":{"rendered":"http:\/\/neu.ostseegrenzturm.net\/da\/?page_id=515"},"modified":"2023-10-28T22:02:30","modified_gmt":"2023-10-28T20:02:30","slug":"graensetaarn","status":"publish","type":"page","link":"http:\/\/ostsee-grenzturm.com\/da\/graensetaarn\/","title":{"rendered":"Gr\u00e6nset\u00e5rn"},"content":{"rendered":"<div id=\"metaslider-id-519\" style=\"width: 100%;\" class=\"ml-slider-3-60-1 metaslider metaslider-flex metaslider-519 ml-slider ml-slider-lightbox-1-12-0 lightbox-disabled ms-theme-default\" role=\"region\" aria-roledescription=\"Slideshow\" aria-label=\"Grenzturm\">\n    <div id=\"metaslider_container_519\">\n        <div id=\"metaslider_519\">\n            <ul aria-live=\"polite\" class=\"slides\">\n                <li style=\"display: block; width: 100%;\" class=\"slide-520 ms-image\" aria-roledescription=\"slide\" aria-label=\"slide-520\"><img src=\"http:\/\/ostsee-grenzturm.com\/da\/wp-content\/uploads\/sites\/4\/2021\/10\/01_Turm-abend-983x428.jpg\" height=\"435\" width=\"1000\" alt=\"\" class=\"slider-519 slide-520\" title=\"01_Turm-abend\" \/><\/li>\n                <li style=\"display: none; width: 100%;\" class=\"slide-533 ms-image\" aria-roledescription=\"slide\" aria-label=\"slide-533\"><img src=\"http:\/\/ostsee-grenzturm.com\/da\/wp-content\/uploads\/sites\/4\/2021\/10\/02_Kanzelscheinwerfer-983x428.jpg\" height=\"435\" width=\"1000\" alt=\"\" class=\"slider-519 slide-533\" title=\"02_Kanzelscheinwerfer\" \/><\/li>\n                <li style=\"display: none; width: 100%;\" class=\"slide-532 ms-image\" aria-roledescription=\"slide\" aria-label=\"slide-532\"><img src=\"http:\/\/ostsee-grenzturm.com\/da\/wp-content\/uploads\/sites\/4\/2021\/10\/03_Innenroehre-983x428.jpg\" height=\"435\" width=\"1000\" alt=\"\" class=\"slider-519 slide-532\" title=\"03_Innenroehre\" \/><div class=\"caption-wrap\"><div class=\"caption\">Blik ind i t\u00e5rnr\u00f8ret med stige op til kuplen f\u00f8r renoveringen.<\/div><\/div><\/li>\n                <li style=\"display: none; width: 100%;\" class=\"slide-531 ms-image\" aria-roledescription=\"slide\" aria-label=\"slide-531\"><img src=\"http:\/\/ostsee-grenzturm.com\/da\/wp-content\/uploads\/sites\/4\/2021\/10\/03-1-Innenroehre-983x428.jpg\" height=\"435\" width=\"1000\" alt=\"\" class=\"slider-519 slide-531\" title=\"03-1-Innenroehre\" \/><div class=\"caption-wrap\"><div class=\"caption\">T\u00e5rnr\u00f8ret og stigearrangementet efter renoveringen.<\/div><\/div><\/li>\n                <li style=\"display: none; width: 100%;\" class=\"slide-530 ms-image\" aria-roledescription=\"slide\" aria-label=\"slide-530\"><img src=\"http:\/\/ostsee-grenzturm.com\/da\/wp-content\/uploads\/sites\/4\/2021\/10\/04_Aufstieg-innen-983x428.jpg\" height=\"435\" width=\"1000\" alt=\"\" class=\"slider-519 slide-530\" title=\"04_Aufstieg-innen\" \/><div class=\"caption-wrap\"><div class=\"caption\">Bes\u00f8gende kravler op i t\u00e5rnet over skiftevis modsat anbragte st\u00e5lstiger.<\/div><\/div><\/li>\n                <li style=\"display: none; width: 100%;\" class=\"slide-529 ms-image\" aria-roledescription=\"slide\" aria-label=\"slide-529\"><img src=\"http:\/\/ostsee-grenzturm.com\/da\/wp-content\/uploads\/sites\/4\/2021\/10\/05_Kanzelsoldat-983x428.jpg\" height=\"435\" width=\"1000\" alt=\"\" class=\"slider-519 slide-529\" title=\"05_Kanzelsoldat\" \/><div class=\"caption-wrap\"><div class=\"caption\">Vinduerne er anbragt hele vejen rundt.<\/div><\/div><\/li>\n                <li style=\"display: none; width: 100%;\" class=\"slide-528 ms-image\" aria-roledescription=\"slide\" aria-label=\"slide-528\"><img src=\"http:\/\/ostsee-grenzturm.com\/da\/wp-content\/uploads\/sites\/4\/2021\/10\/06_Frau-am-Fenster-983x428.jpg\" height=\"435\" width=\"1000\" alt=\"\" class=\"slider-519 slide-528\" title=\"06_Frau-am-Fenster\" \/><div class=\"caption-wrap\"><div class=\"caption\">Udsyn fra t\u00e5rnkuplen <\/div><\/div><\/li>\n                <li style=\"display: none; width: 100%;\" class=\"slide-527 ms-image\" aria-roledescription=\"slide\" aria-label=\"slide-527\"><img src=\"http:\/\/ostsee-grenzturm.com\/da\/wp-content\/uploads\/sites\/4\/2021\/10\/07_Innen-983x428.jpg\" height=\"435\" width=\"1000\" alt=\"\" class=\"slider-519 slide-527\" title=\"07_Innen\" \/><div class=\"caption-wrap\"><div class=\"caption\">Om aftenen i t\u00e5rnkuplen <\/div><\/div><\/li>\n                <li style=\"display: none; width: 100%;\" class=\"slide-526 ms-image\" aria-roledescription=\"slide\" aria-label=\"slide-526\"><img src=\"http:\/\/ostsee-grenzturm.com\/da\/wp-content\/uploads\/sites\/4\/2021\/10\/08_Inneneinrichtung-983x428.jpg\" height=\"435\" width=\"1000\" alt=\"\" class=\"slider-519 slide-526\" title=\"08_Inneneinrichtung\" \/><div class=\"caption-wrap\"><div class=\"caption\">Original installation: Radiokommunikation, gev\u00e6r AK47, kikkert, ur, gradinddeling<\/div><\/div><\/li>\n                <li style=\"display: none; width: 100%;\" class=\"slide-525 ms-image\" aria-roledescription=\"slide\" aria-label=\"slide-525\"><img src=\"http:\/\/ostsee-grenzturm.com\/da\/wp-content\/uploads\/sites\/4\/2021\/10\/09_Kanzel-Frau-am-fernrohr-983x428.jpg\" height=\"435\" width=\"1000\" alt=\"\" class=\"slider-519 slide-525\" title=\"09_Kanzel-Frau-am-fernrohr\" \/><div class=\"caption-wrap\"><div class=\"caption\">Bes\u00f8gende kann kontrollere horisonten med kikkert.<\/div><\/div><\/li>\n                <li style=\"display: none; width: 100%;\" class=\"slide-523 ms-image\" aria-roledescription=\"slide\" aria-label=\"slide-523\"><img src=\"http:\/\/ostsee-grenzturm.com\/da\/wp-content\/uploads\/sites\/4\/2021\/10\/11_Fenster-983x428.jpg\" height=\"435\" width=\"1000\" alt=\"\" class=\"slider-519 slide-523\" title=\"11_Fenster\" \/><div class=\"caption-wrap\"><div class=\"caption\">Udsigt p\u00e5 stranden mod vestlige K\u00fchlungsborn <\/div><\/div><\/li>\n                <li style=\"display: none; width: 100%;\" class=\"slide-524 ms-image\" aria-roledescription=\"slide\" aria-label=\"slide-524\"><img src=\"http:\/\/ostsee-grenzturm.com\/da\/wp-content\/uploads\/sites\/4\/2021\/10\/10_Fenster-983x428.jpg\" height=\"435\" width=\"1000\" alt=\"\" class=\"slider-519 slide-524\" title=\"10_Fenster\" \/><div class=\"caption-wrap\"><div class=\"caption\">Udsigt mod \u00f8st p\u00e5 s\u00f8broen <\/div><\/div><\/li>\n                <li style=\"display: none; width: 100%;\" class=\"slide-522 ms-image\" aria-roledescription=\"slide\" aria-label=\"slide-522\"><img src=\"http:\/\/ostsee-grenzturm.com\/da\/wp-content\/uploads\/sites\/4\/2021\/10\/12_Risskanzel-983x428.jpg\" height=\"435\" width=\"1000\" alt=\"\" class=\"slider-519 slide-522\" title=\"12_Risskanzel\" \/><div class=\"caption-wrap\"><div class=\"caption\">Skitse af t\u00e5rnkuppel, originaltegning <\/div><\/div><\/li>\n                <li style=\"display: none; width: 100%;\" class=\"slide-521 ms-image\" aria-roledescription=\"slide\" aria-label=\"slide-521\"><img src=\"http:\/\/ostsee-grenzturm.com\/da\/wp-content\/uploads\/sites\/4\/2021\/10\/13_Rissturmksanzel-983x428.jpg\" height=\"435\" width=\"1000\" alt=\"\" class=\"slider-519 slide-521\" title=\"13_Rissturmksanzel\" \/><div class=\"caption-wrap\"><div class=\"caption\">Skitse af kuplens basement, originaltegning<\/div><\/div><\/li>\n            <\/ul>\n        <\/div>\n        \n    <\/div>\n<\/div>\n\n\n\n<h1>Gr\u00e6nset\u00e5rn<\/h1>\n\n\n\n<p>I 1973 blev denne gr\u00e6nse-inspektionst\u00e5rn (BT 11) bygget p\u00e5 det nuv\u00e6rende sted af 3. Gr\u00e6nsebattallion under Gr\u00e6nsebrigade Kyst.[nbsp]Fra den 15 m h\u00f8je t\u00e5rnkuppel kunne gr\u00e6nsevagterne inspicere et 12 s\u00f8mil langt kystomr\u00e5de.<\/p>\n\n\n\n<p><\/p>\n\n\n\n<div class=\"is-layout-flex wp-container-4 wp-block-columns\">\n<div class=\"is-layout-flow wp-block-column\">\n<figure class=\"wp-block-image size-full\"><a href=\"[pgc_simply_gallery id=&quot;546&quot;]\"><img decoding=\"async\" loading=\"lazy\" width=\"1000\" height=\"750\" src=\"http:\/\/ostsee-grenzturm.com\/da\/wp-content\/uploads\/sites\/4\/2021\/10\/bildbesteigung.jpg\" alt=\"\" class=\"wp-image-500\" srcset=\"http:\/\/ostsee-grenzturm.com\/da\/wp-content\/uploads\/sites\/4\/2021\/10\/bildbesteigung.jpg 1000w, http:\/\/ostsee-grenzturm.com\/da\/wp-content\/uploads\/sites\/4\/2021\/10\/bildbesteigung-300x225.jpg 300w, http:\/\/ostsee-grenzturm.com\/da\/wp-content\/uploads\/sites\/4\/2021\/10\/bildbesteigung-768x576.jpg 768w\" sizes=\"(max-width: 1000px) 100vw, 1000px\" \/><\/a><\/figure>\n<\/div>\n\n\n\n<div class=\"is-layout-flow wp-block-column\">\n<figure class=\"wp-block-image size-full\"><img decoding=\"async\" loading=\"lazy\" width=\"1000\" height=\"750\" src=\"http:\/\/ostsee-grenzturm.com\/da\/wp-content\/uploads\/sites\/4\/2021\/10\/bildbesteigungrechts.jpg\" alt=\"\" class=\"wp-image-501\" srcset=\"http:\/\/ostsee-grenzturm.com\/da\/wp-content\/uploads\/sites\/4\/2021\/10\/bildbesteigungrechts.jpg 1000w, http:\/\/ostsee-grenzturm.com\/da\/wp-content\/uploads\/sites\/4\/2021\/10\/bildbesteigungrechts-300x225.jpg 300w, http:\/\/ostsee-grenzturm.com\/da\/wp-content\/uploads\/sites\/4\/2021\/10\/bildbesteigungrechts-768x576.jpg 768w\" sizes=\"(max-width: 1000px) 100vw, 1000px\" \/><\/figure>\n<\/div>\n\n\n\n<div class=\"is-layout-flow wp-block-column\">\n<h2>Adgang til toppen<\/h2>\n\n\n\n<p>Man kan komme til tops via skiftevis anbragte stiger. De er sikkert anbragt p\u00e5 halvekredsformede etager. T\u00e5rnkuplen muligg\u00f8r en 360\u00b0 panoramaudsigt.<\/p>\n<\/div>\n<\/div>\n\n\n\n<div class=\"is-layout-flex wp-container-9 wp-block-columns\">\n<div class=\"is-layout-flow wp-block-column\" style=\"flex-basis:66.66%\">\n<h2>Nutzung des Turms<\/h2>\n\n\n\n<p>Der Turm war mit 1-2 Soldaten besetzt. Die Dienstzeit betrug 6 bis P\u00e5 t\u00e5rnet var altid to soldater. Vagttiden var 6 til 12 timer. Enhver mist\u00e6nkelig bev\u00e6gelse blev skriftlig noteret i vagtjournalen. Med st\u00e6rke kikkerter blev stranden og \u00d6sters\u00f8en t iagttaget. Via en permanent telefon- og radiokommunikations-forbindelse blev alle mist\u00e6nkelige iagtagelser meldt til gr\u00e6nsekommandoen, som startede unders\u00f8gelsen med helikopter, strandpatruljer og gr\u00e6nse- og marineskibe. Med s\u00f8gelyset p\u00e5 taget, som blev betjent inde fra t\u00e5rnkuplen, kunne hele n\u00e6romr\u00e5det inspiceres i m\u00f8rket.<\/p>\n<\/div>\n\n\n\n<div class=\"is-layout-flow wp-block-column\" style=\"flex-basis:33.33%\">\n<figure class=\"is-layout-flex wp-block-gallery-6 wp-block-gallery has-nested-images columns-1\">\n<figure class=\"wp-block-image size-full\"><a href=\"http:\/\/ostsee-grenzturm.com\/da\/wp-content\/uploads\/sites\/4\/2021\/10\/01_Funker.jpg\" data-lbwps-gid=\"2\"><img decoding=\"async\" loading=\"lazy\" width=\"1000\" height=\"750\" src=\"http:\/\/ostsee-grenzturm.com\/da\/wp-content\/uploads\/sites\/4\/2021\/10\/01_Funker.jpg\" alt=\"\" class=\"wp-image-244\" srcset=\"http:\/\/ostsee-grenzturm.com\/da\/wp-content\/uploads\/sites\/4\/2021\/10\/01_Funker.jpg 1000w, http:\/\/ostsee-grenzturm.com\/da\/wp-content\/uploads\/sites\/4\/2021\/10\/01_Funker-300x225.jpg 300w, http:\/\/ostsee-grenzturm.com\/da\/wp-content\/uploads\/sites\/4\/2021\/10\/01_Funker-768x576.jpg 768w\" sizes=\"(max-width: 1000px) 100vw, 1000px\" \/><\/a><\/figure>\n\n\n\n<figure class=\"wp-block-image size-full\"><a href=\"http:\/\/ostsee-grenzturm.com\/da\/wp-content\/uploads\/sites\/4\/2021\/10\/02_Fernrohr.jpg\" data-lbwps-gid=\"2\"><img decoding=\"async\" loading=\"lazy\" width=\"1000\" height=\"685\" src=\"http:\/\/ostsee-grenzturm.com\/da\/wp-content\/uploads\/sites\/4\/2021\/10\/02_Fernrohr.jpg\" alt=\"\" class=\"wp-image-245\" srcset=\"http:\/\/ostsee-grenzturm.com\/da\/wp-content\/uploads\/sites\/4\/2021\/10\/02_Fernrohr.jpg 1000w, http:\/\/ostsee-grenzturm.com\/da\/wp-content\/uploads\/sites\/4\/2021\/10\/02_Fernrohr-300x206.jpg 300w, http:\/\/ostsee-grenzturm.com\/da\/wp-content\/uploads\/sites\/4\/2021\/10\/02_Fernrohr-768x526.jpg 768w\" sizes=\"(max-width: 1000px) 100vw, 1000px\" \/><\/a><\/figure>\n\n\n\n<figure class=\"wp-block-image size-full\"><a href=\"http:\/\/ostsee-grenzturm.com\/da\/wp-content\/uploads\/sites\/4\/2021\/10\/03_Funkgeraetgradzahlen.jpg\" data-lbwps-gid=\"2\"><img decoding=\"async\" loading=\"lazy\" width=\"1000\" height=\"750\" src=\"http:\/\/ostsee-grenzturm.com\/da\/wp-content\/uploads\/sites\/4\/2021\/10\/03_Funkgeraetgradzahlen.jpg\" alt=\"\" class=\"wp-image-246\" srcset=\"http:\/\/ostsee-grenzturm.com\/da\/wp-content\/uploads\/sites\/4\/2021\/10\/03_Funkgeraetgradzahlen.jpg 1000w, http:\/\/ostsee-grenzturm.com\/da\/wp-content\/uploads\/sites\/4\/2021\/10\/03_Funkgeraetgradzahlen-300x225.jpg 300w, http:\/\/ostsee-grenzturm.com\/da\/wp-content\/uploads\/sites\/4\/2021\/10\/03_Funkgeraetgradzahlen-768x576.jpg 768w\" sizes=\"(max-width: 1000px) 100vw, 1000px\" \/><\/a><\/figure>\n\n\n\n<figure class=\"wp-block-image size-full\"><a href=\"http:\/\/ostsee-grenzturm.com\/da\/wp-content\/uploads\/sites\/4\/2021\/10\/04_Uhr.jpg\" data-lbwps-gid=\"2\"><img decoding=\"async\" loading=\"lazy\" width=\"1000\" height=\"750\" src=\"http:\/\/ostsee-grenzturm.com\/da\/wp-content\/uploads\/sites\/4\/2021\/10\/04_Uhr.jpg\" alt=\"\" class=\"wp-image-247\" srcset=\"http:\/\/ostsee-grenzturm.com\/da\/wp-content\/uploads\/sites\/4\/2021\/10\/04_Uhr.jpg 1000w, http:\/\/ostsee-grenzturm.com\/da\/wp-content\/uploads\/sites\/4\/2021\/10\/04_Uhr-300x225.jpg 300w, http:\/\/ostsee-grenzturm.com\/da\/wp-content\/uploads\/sites\/4\/2021\/10\/04_Uhr-768x576.jpg 768w\" sizes=\"(max-width: 1000px) 100vw, 1000px\" \/><\/a><\/figure>\n<\/figure>\n<\/div>\n<\/div>\n\n\n\n<div class=\"is-layout-flex wp-container-14 wp-block-columns\">\n<div class=\"is-layout-flow wp-block-column\" style=\"flex-basis:66.66%\">\n<h2>Byggeri og tekniske data<\/h2>\n\n\n\n<p>En specialiseret afdeling af Gr\u00e6nsebrigade Kyst rejste t\u00e5rnene langs med \u00d8sters\u00f8ens kyst. T\u00e5rnkonstruktionen best\u00e5r af et fundament, hvorp\u00e5 der er anbragt 11 stk. Betonr\u00f8relementer. De er indbyrdes holdt sammen med sammensvejsede armeringsjern. T\u00e5rnkuplen med sine 360\u00b0 panoramavinduer og gradinddeling blev som f\u00e6rdigelement monteret med kran. Typebetegnelsen BT11 refererer til antallet af de benyttede ringformede betonelementer. Interi\u00f8ret omfattede n\u00f8dstr\u00f8mforsyning, 8 skydsk\u00e5r, en st\u00e6rk kikkert monteret p\u00e5 et stativ og en h\u00e5ndkikkert, radiokommunikation, skrivebord med land- og s\u00f8kort, ovn, ur og maskingev\u00e6r.<\/p>\n<\/div>\n\n\n\n<div class=\"is-layout-flow wp-block-column\" style=\"flex-basis:33.33%\">\n<figure class=\"is-layout-flex wp-block-gallery-11 wp-block-gallery has-nested-images columns-1\">\n<figure class=\"wp-block-image size-large\"><a href=\"http:\/\/ostsee-grenzturm.com\/da\/wp-content\/uploads\/sites\/4\/2021\/10\/01_-Dienstauftrag-Turmbauer.jpg\" data-lbwps-gid=\"3\"><img decoding=\"async\" loading=\"lazy\" width=\"1000\" height=\"750\" src=\"http:\/\/ostsee-grenzturm.com\/da\/wp-content\/uploads\/sites\/4\/2021\/10\/01_-Dienstauftrag-Turmbauer.jpg\" alt=\"\" class=\"wp-image-248\" srcset=\"http:\/\/ostsee-grenzturm.com\/da\/wp-content\/uploads\/sites\/4\/2021\/10\/01_-Dienstauftrag-Turmbauer.jpg 1000w, http:\/\/ostsee-grenzturm.com\/da\/wp-content\/uploads\/sites\/4\/2021\/10\/01_-Dienstauftrag-Turmbauer-300x225.jpg 300w, http:\/\/ostsee-grenzturm.com\/da\/wp-content\/uploads\/sites\/4\/2021\/10\/01_-Dienstauftrag-Turmbauer-768x576.jpg 768w\" sizes=\"(max-width: 1000px) 100vw, 1000px\" \/><\/a><\/figure>\n\n\n\n<figure class=\"wp-block-image size-large\"><a href=\"http:\/\/ostsee-grenzturm.com\/da\/wp-content\/uploads\/sites\/4\/2021\/10\/02_Turmbauer.jpg\" data-lbwps-gid=\"3\"><img decoding=\"async\" loading=\"lazy\" width=\"1000\" height=\"750\" src=\"http:\/\/ostsee-grenzturm.com\/da\/wp-content\/uploads\/sites\/4\/2021\/10\/02_Turmbauer.jpg\" alt=\"\" class=\"wp-image-249\" srcset=\"http:\/\/ostsee-grenzturm.com\/da\/wp-content\/uploads\/sites\/4\/2021\/10\/02_Turmbauer.jpg 1000w, http:\/\/ostsee-grenzturm.com\/da\/wp-content\/uploads\/sites\/4\/2021\/10\/02_Turmbauer-300x225.jpg 300w, http:\/\/ostsee-grenzturm.com\/da\/wp-content\/uploads\/sites\/4\/2021\/10\/02_Turmbauer-768x576.jpg 768w\" sizes=\"(max-width: 1000px) 100vw, 1000px\" \/><\/a><\/figure>\n\n\n\n<figure class=\"wp-block-image size-large\"><a href=\"http:\/\/ostsee-grenzturm.com\/da\/wp-content\/uploads\/sites\/4\/2021\/10\/03_Turmbauer.jpg\" data-lbwps-gid=\"3\"><img decoding=\"async\" loading=\"lazy\" width=\"1000\" height=\"750\" src=\"http:\/\/ostsee-grenzturm.com\/da\/wp-content\/uploads\/sites\/4\/2021\/10\/03_Turmbauer.jpg\" alt=\"\" class=\"wp-image-250\" srcset=\"http:\/\/ostsee-grenzturm.com\/da\/wp-content\/uploads\/sites\/4\/2021\/10\/03_Turmbauer.jpg 1000w, http:\/\/ostsee-grenzturm.com\/da\/wp-content\/uploads\/sites\/4\/2021\/10\/03_Turmbauer-300x225.jpg 300w, http:\/\/ostsee-grenzturm.com\/da\/wp-content\/uploads\/sites\/4\/2021\/10\/03_Turmbauer-768x576.jpg 768w\" sizes=\"(max-width: 1000px) 100vw, 1000px\" \/><\/a><\/figure>\n\n\n\n<figure class=\"wp-block-image size-large\"><a href=\"http:\/\/ostsee-grenzturm.com\/da\/wp-content\/uploads\/sites\/4\/2021\/10\/04_Turmbau-Roehre.jpg\" data-lbwps-gid=\"3\"><img decoding=\"async\" loading=\"lazy\" width=\"1000\" height=\"750\" src=\"http:\/\/ostsee-grenzturm.com\/da\/wp-content\/uploads\/sites\/4\/2021\/10\/04_Turmbau-Roehre.jpg\" alt=\"\" class=\"wp-image-251\" srcset=\"http:\/\/ostsee-grenzturm.com\/da\/wp-content\/uploads\/sites\/4\/2021\/10\/04_Turmbau-Roehre.jpg 1000w, http:\/\/ostsee-grenzturm.com\/da\/wp-content\/uploads\/sites\/4\/2021\/10\/04_Turmbau-Roehre-300x225.jpg 300w, http:\/\/ostsee-grenzturm.com\/da\/wp-content\/uploads\/sites\/4\/2021\/10\/04_Turmbau-Roehre-768x576.jpg 768w\" sizes=\"(max-width: 1000px) 100vw, 1000px\" \/><\/a><\/figure>\n\n\n\n<figure class=\"wp-block-image size-large\"><a href=\"http:\/\/ostsee-grenzturm.com\/da\/wp-content\/uploads\/sites\/4\/2021\/10\/05_Turmbau.jpg\" data-lbwps-gid=\"3\"><img decoding=\"async\" loading=\"lazy\" width=\"1000\" height=\"750\" src=\"http:\/\/ostsee-grenzturm.com\/da\/wp-content\/uploads\/sites\/4\/2021\/10\/05_Turmbau.jpg\" alt=\"\" class=\"wp-image-252\" srcset=\"http:\/\/ostsee-grenzturm.com\/da\/wp-content\/uploads\/sites\/4\/2021\/10\/05_Turmbau.jpg 1000w, http:\/\/ostsee-grenzturm.com\/da\/wp-content\/uploads\/sites\/4\/2021\/10\/05_Turmbau-300x225.jpg 300w, http:\/\/ostsee-grenzturm.com\/da\/wp-content\/uploads\/sites\/4\/2021\/10\/05_Turmbau-768x576.jpg 768w\" sizes=\"(max-width: 1000px) 100vw, 1000px\" \/><\/a><\/figure>\n\n\n\n<figure class=\"wp-block-image size-large\"><a href=\"http:\/\/ostsee-grenzturm.com\/da\/wp-content\/uploads\/sites\/4\/2021\/10\/06_Turmbau-Leiter.jpg\" data-lbwps-gid=\"3\"><img decoding=\"async\" loading=\"lazy\" width=\"1000\" height=\"750\" src=\"http:\/\/ostsee-grenzturm.com\/da\/wp-content\/uploads\/sites\/4\/2021\/10\/06_Turmbau-Leiter.jpg\" alt=\"\" class=\"wp-image-253\" srcset=\"http:\/\/ostsee-grenzturm.com\/da\/wp-content\/uploads\/sites\/4\/2021\/10\/06_Turmbau-Leiter.jpg 1000w, http:\/\/ostsee-grenzturm.com\/da\/wp-content\/uploads\/sites\/4\/2021\/10\/06_Turmbau-Leiter-300x225.jpg 300w, http:\/\/ostsee-grenzturm.com\/da\/wp-content\/uploads\/sites\/4\/2021\/10\/06_Turmbau-Leiter-768x576.jpg 768w\" sizes=\"(max-width: 1000px) 100vw, 1000px\" \/><\/a><\/figure>\n\n\n\n<figure class=\"wp-block-image size-large\"><a href=\"http:\/\/ostsee-grenzturm.com\/da\/wp-content\/uploads\/sites\/4\/2021\/10\/07_Turmbauer-Teerarbeiten.jpg\" data-lbwps-gid=\"3\"><img decoding=\"async\" loading=\"lazy\" width=\"1000\" height=\"750\" src=\"http:\/\/ostsee-grenzturm.com\/da\/wp-content\/uploads\/sites\/4\/2021\/10\/07_Turmbauer-Teerarbeiten.jpg\" alt=\"\" class=\"wp-image-254\" srcset=\"http:\/\/ostsee-grenzturm.com\/da\/wp-content\/uploads\/sites\/4\/2021\/10\/07_Turmbauer-Teerarbeiten.jpg 1000w, http:\/\/ostsee-grenzturm.com\/da\/wp-content\/uploads\/sites\/4\/2021\/10\/07_Turmbauer-Teerarbeiten-300x225.jpg 300w, http:\/\/ostsee-grenzturm.com\/da\/wp-content\/uploads\/sites\/4\/2021\/10\/07_Turmbauer-Teerarbeiten-768x576.jpg 768w\" sizes=\"(max-width: 1000px) 100vw, 1000px\" \/><\/a><\/figure>\n\n\n\n<figure class=\"wp-block-image size-large\"><a href=\"http:\/\/ostsee-grenzturm.com\/da\/wp-content\/uploads\/sites\/4\/2021\/10\/08_Turmbau-Kran.jpg\" data-lbwps-gid=\"3\"><img decoding=\"async\" loading=\"lazy\" width=\"1000\" height=\"750\" src=\"http:\/\/ostsee-grenzturm.com\/da\/wp-content\/uploads\/sites\/4\/2021\/10\/08_Turmbau-Kran.jpg\" alt=\"\" class=\"wp-image-255\" srcset=\"http:\/\/ostsee-grenzturm.com\/da\/wp-content\/uploads\/sites\/4\/2021\/10\/08_Turmbau-Kran.jpg 1000w, http:\/\/ostsee-grenzturm.com\/da\/wp-content\/uploads\/sites\/4\/2021\/10\/08_Turmbau-Kran-300x225.jpg 300w, http:\/\/ostsee-grenzturm.com\/da\/wp-content\/uploads\/sites\/4\/2021\/10\/08_Turmbau-Kran-768x576.jpg 768w\" sizes=\"(max-width: 1000px) 100vw, 1000px\" \/><\/a><\/figure>\n\n\n\n<figure class=\"wp-block-image size-large\"><a href=\"http:\/\/ostsee-grenzturm.com\/da\/wp-content\/uploads\/sites\/4\/2021\/10\/09_Turmbau-Kran.jpg\" data-lbwps-gid=\"3\"><img decoding=\"async\" loading=\"lazy\" width=\"1000\" height=\"750\" src=\"http:\/\/ostsee-grenzturm.com\/da\/wp-content\/uploads\/sites\/4\/2021\/10\/09_Turmbau-Kran.jpg\" alt=\"\" class=\"wp-image-256\" srcset=\"http:\/\/ostsee-grenzturm.com\/da\/wp-content\/uploads\/sites\/4\/2021\/10\/09_Turmbau-Kran.jpg 1000w, http:\/\/ostsee-grenzturm.com\/da\/wp-content\/uploads\/sites\/4\/2021\/10\/09_Turmbau-Kran-300x225.jpg 300w, http:\/\/ostsee-grenzturm.com\/da\/wp-content\/uploads\/sites\/4\/2021\/10\/09_Turmbau-Kran-768x576.jpg 768w\" sizes=\"(max-width: 1000px) 100vw, 1000px\" \/><\/a><\/figure>\n\n\n\n<figure class=\"wp-block-image size-large\"><a href=\"http:\/\/ostsee-grenzturm.com\/da\/wp-content\/uploads\/sites\/4\/2021\/10\/10_Turmbau-Kran.jpg\" data-lbwps-gid=\"3\"><img decoding=\"async\" loading=\"lazy\" width=\"1000\" height=\"750\" src=\"http:\/\/ostsee-grenzturm.com\/da\/wp-content\/uploads\/sites\/4\/2021\/10\/10_Turmbau-Kran.jpg\" alt=\"\" class=\"wp-image-257\" srcset=\"http:\/\/ostsee-grenzturm.com\/da\/wp-content\/uploads\/sites\/4\/2021\/10\/10_Turmbau-Kran.jpg 1000w, http:\/\/ostsee-grenzturm.com\/da\/wp-content\/uploads\/sites\/4\/2021\/10\/10_Turmbau-Kran-300x225.jpg 300w, http:\/\/ostsee-grenzturm.com\/da\/wp-content\/uploads\/sites\/4\/2021\/10\/10_Turmbau-Kran-768x576.jpg 768w\" sizes=\"(max-width: 1000px) 100vw, 1000px\" \/><\/a><\/figure>\n\n\n\n<figure class=\"wp-block-image size-large\"><a href=\"http:\/\/ostsee-grenzturm.com\/da\/wp-content\/uploads\/sites\/4\/2021\/10\/11_Turmbau-Kran.jpg\" data-lbwps-gid=\"3\"><img decoding=\"async\" loading=\"lazy\" width=\"1000\" height=\"750\" src=\"http:\/\/ostsee-grenzturm.com\/da\/wp-content\/uploads\/sites\/4\/2021\/10\/11_Turmbau-Kran.jpg\" alt=\"\" class=\"wp-image-258\" srcset=\"http:\/\/ostsee-grenzturm.com\/da\/wp-content\/uploads\/sites\/4\/2021\/10\/11_Turmbau-Kran.jpg 1000w, http:\/\/ostsee-grenzturm.com\/da\/wp-content\/uploads\/sites\/4\/2021\/10\/11_Turmbau-Kran-300x225.jpg 300w, http:\/\/ostsee-grenzturm.com\/da\/wp-content\/uploads\/sites\/4\/2021\/10\/11_Turmbau-Kran-768x576.jpg 768w\" sizes=\"(max-width: 1000px) 100vw, 1000px\" \/><\/a><\/figure>\n\n\n\n<figure class=\"wp-block-image size-large\"><a href=\"http:\/\/ostsee-grenzturm.com\/da\/wp-content\/uploads\/sites\/4\/2021\/10\/12_Turmbau-Autokran.jpg\" data-lbwps-gid=\"3\"><img decoding=\"async\" loading=\"lazy\" width=\"1000\" height=\"750\" src=\"http:\/\/ostsee-grenzturm.com\/da\/wp-content\/uploads\/sites\/4\/2021\/10\/12_Turmbau-Autokran.jpg\" alt=\"\" class=\"wp-image-259\" srcset=\"http:\/\/ostsee-grenzturm.com\/da\/wp-content\/uploads\/sites\/4\/2021\/10\/12_Turmbau-Autokran.jpg 1000w, http:\/\/ostsee-grenzturm.com\/da\/wp-content\/uploads\/sites\/4\/2021\/10\/12_Turmbau-Autokran-300x225.jpg 300w, http:\/\/ostsee-grenzturm.com\/da\/wp-content\/uploads\/sites\/4\/2021\/10\/12_Turmbau-Autokran-768x576.jpg 768w\" sizes=\"(max-width: 1000px) 100vw, 1000px\" \/><\/a><\/figure>\n\n\n\n<figure class=\"wp-block-image size-large\"><a href=\"http:\/\/ostsee-grenzturm.com\/da\/wp-content\/uploads\/sites\/4\/2021\/10\/13_Turmbau-Kran.jpg\" data-lbwps-gid=\"3\"><img decoding=\"async\" loading=\"lazy\" width=\"1000\" height=\"750\" src=\"http:\/\/ostsee-grenzturm.com\/da\/wp-content\/uploads\/sites\/4\/2021\/10\/13_Turmbau-Kran.jpg\" alt=\"\" class=\"wp-image-260\" srcset=\"http:\/\/ostsee-grenzturm.com\/da\/wp-content\/uploads\/sites\/4\/2021\/10\/13_Turmbau-Kran.jpg 1000w, http:\/\/ostsee-grenzturm.com\/da\/wp-content\/uploads\/sites\/4\/2021\/10\/13_Turmbau-Kran-300x225.jpg 300w, http:\/\/ostsee-grenzturm.com\/da\/wp-content\/uploads\/sites\/4\/2021\/10\/13_Turmbau-Kran-768x576.jpg 768w\" sizes=\"(max-width: 1000px) 100vw, 1000px\" \/><\/a><\/figure>\n<\/figure>\n<\/div>\n<\/div>\n","protected":false},"excerpt":{"rendered":"<p>Gr\u00e6nset\u00e5rn I 1973 blev denne gr\u00e6nse-inspektionst\u00e5rn (BT 11) bygget p\u00e5 det nuv\u00e6rende sted af 3. Gr\u00e6nsebattallion under Gr\u00e6nsebrigade Kyst.[nbsp]Fra den 15 m h\u00f8je t\u00e5rnkuppel kunne gr\u00e6nsevagterne inspicere et 12 s\u00f8mil langt kystomr\u00e5de. Adgang til toppen Man kan komme til tops via skiftevis anbragte stiger. De er sikkert anbragt p\u00e5 halvekredsformede etager. T\u00e5rnkuplen muligg\u00f8r en 360\u00b0&#8230;  <a class=\"excerpt-read-more\" href=\"http:\/\/ostsee-grenzturm.com\/da\/graensetaarn\/\" title=\"Read Gr\u00e6nset\u00e5rn\">L\u00e6s mere &raquo;<\/a><\/p>\n","protected":false},"author":1,"featured_media":0,"parent":0,"menu_order":0,"comment_status":"closed","ping_status":"closed","template":"","meta":[],"_links":{"self":[{"href":"http:\/\/ostsee-grenzturm.com\/da\/wp-json\/wp\/v2\/pages\/515"}],"collection":[{"href":"http:\/\/ostsee-grenzturm.com\/da\/wp-json\/wp\/v2\/pages"}],"about":[{"href":"http:\/\/ostsee-grenzturm.com\/da\/wp-json\/wp\/v2\/types\/page"}],"author":[{"embeddable":true,"href":"http:\/\/ostsee-grenzturm.com\/da\/wp-json\/wp\/v2\/users\/1"}],"replies":[{"embeddable":true,"href":"http:\/\/ostsee-grenzturm.com\/da\/wp-json\/wp\/v2\/comments?post=515"}],"version-history":[{"count":9,"href":"http:\/\/ostsee-grenzturm.com\/da\/wp-json\/wp\/v2\/pages\/515\/revisions"}],"predecessor-version":[{"id":1146,"href":"http:\/\/ostsee-grenzturm.com\/da\/wp-json\/wp\/v2\/pages\/515\/revisions\/1146"}],"wp:attachment":[{"href":"http:\/\/ostsee-grenzturm.com\/da\/wp-json\/wp\/v2\/media?parent=515"}],"curies":[{"name":"wp","href":"https:\/\/api.w.org\/{rel}","templated":true}]}}